{"id":2323,"date":"2020-01-27T08:05:29","date_gmt":"2020-01-27T07:05:29","guid":{"rendered":"https:\/\/demosites.io\/web-agency-gb\/?page_id=69"},"modified":"2025-02-12T18:27:33","modified_gmt":"2025-02-12T17:27:33","slug":"conferences","status":"publish","type":"page","link":"https:\/\/seastemic.com\/index.php\/inspirer-2\/conferences\/","title":{"rendered":"Conf\u00e9rences"},"content":{"rendered":"<div class=\"yoast-breadcrumbs\"><span><span><a href=\"https:\/\/seastemic.com\/\">Accueil<\/a><\/span> \u00bb <span><a href=\"https:\/\/seastemic.com\/index.php\/inspirer-2\/\">INSPIRER<\/a><\/span> \u00bb <span class=\"breadcrumb_last\" aria-current=\"page\">Conf\u00e9rences<\/span><\/span><\/div>\n\n\n<div class=\"wp-block-cover alignfull has-custom-content-position is-position-top-center\" style=\"min-height:250px;aspect-ratio:unset;\" id=\"Titre\"><span aria-hidden=\"true\" class=\"wp-block-cover__background has-background-dim-0 has-background-dim\"><\/span><img loading=\"lazy\" decoding=\"async\" width=\"1620\" height=\"634\" class=\"wp-block-cover__image-background wp-image-968\" alt=\"\" src=\"https:\/\/seastemic.com\/wp-content\/uploads\/2023\/06\/conference-amphi-min.jpg\" data-object-fit=\"cover\" srcset=\"https:\/\/seastemic.com\/wp-content\/uploads\/2023\/06\/conference-amphi-min.jpg 1620w, https:\/\/seastemic.com\/wp-content\/uploads\/2023\/06\/conference-amphi-min-300x117.jpg 300w, https:\/\/seastemic.com\/wp-content\/uploads\/2023\/06\/conference-amphi-min-1024x401.jpg 1024w, https:\/\/seastemic.com\/wp-content\/uploads\/2023\/06\/conference-amphi-min-768x301.jpg 768w, https:\/\/seastemic.com\/wp-content\/uploads\/2023\/06\/conference-amphi-min-1536x601.jpg 1536w\" sizes=\"auto, (max-width: 1620px) 100vw, 1620px\" \/><div class=\"wp-block-cover__inner-container is-layout-flow wp-block-cover-is-layout-flow\">\n<h1 class=\"wp-block-heading has-text-align-center has-large-font-size\">Conf\u00e9rences<\/h1>\n<\/div><\/div>\n\n\n\n<div style=\"height:17px\" aria-hidden=\"true\" class=\"wp-block-spacer\"><\/div>\n\n\n\n<h2 class=\"wp-block-heading alignfull has-text-align-center has-neve-text-color-color has-text-color\">INSPIRER PAR LA PAROLE , PAR DES HISTOIRES PARTAG\u00c9E<strong>S<\/strong><\/h2>\n\n\n\n<p class=\"has-medium-font-size\">Chez Seastemic nos conf\u00e9rences environnementales sont \u00e0 but de vulgarisation scientifique et de sensibilisation. L\u2019ensemble des informations partag\u00e9es sont sourc\u00e9es , non militantes et a-partisanes. Les informations de ces conf\u00e9rences sont r\u00e9guli\u00e8rement mises \u00e0 jour en fonction de l\u2019avancement des recherches sur le sujet.<\/p>\n\n\n\n<hr class=\"wp-block-separator has-alpha-channel-opacity\"\/>\n\n\n\n<div class=\"wp-block-cover is-light\" style=\"min-height:702px;aspect-ratio:unset;\" id=\"Clipperton\"><span aria-hidden=\"true\" class=\"wp-block-cover__background has-nv-light-bg-background-color has-background-dim-40 has-background-dim\"><\/span><div class=\"wp-block-cover__inner-container is-layout-flow wp-block-cover-is-layout-flow\">\n<h3 class=\"wp-block-heading has-text-align-left has-neve-text-color-color has-nv-light-bg-background-color has-text-color has-background\"><em>CLIPPERTON, SENTINELLE DE L&rsquo;OC\u00c9AN<\/em><\/h3>\n\n\n\n<h4 class=\"wp-block-heading has-nv-dark-bg-color has-text-color has-link-color wp-elements-7ab6a10807ef999c7f8aea176ba1c5f7\"><em>Retour sur une exp\u00e9dition scientifique sous-marine sur l&rsquo;atoll de Clipperton<\/em><\/h4>\n\n\n\n<blockquote class=\"wp-block-quote is-layout-flow wp-block-quote-is-layout-flow\">\n<p class=\"has-nv-dark-bg-color has-text-color has-link-color wp-elements-8e8dcd192c79b933d5e30460554c60a3\"><em>Eric Cros, Plongeur scientifique et photographe vous partage son exp\u00e9rience lors d&rsquo;une conf\u00e9rence photographique d\u2019Oc\u00e9an et &#8230; de Plastique<\/em><\/p>\n<\/blockquote>\n\n\n\n<div class=\"wp-block-columns are-vertically-aligned-center is-layout-flex wp-container-core-columns-is-layout-1 wp-block-columns-is-layout-flex\">\n<div class=\"wp-block-column is-vertically-aligned-center is-layout-flow wp-block-column-is-layout-flow\" style=\"flex-basis:35%\">\n<figure class=\"wp-block-image size-full is-resized\"><img loading=\"lazy\" decoding=\"async\" width=\"1160\" height=\"1646\" src=\"https:\/\/seastemic.com\/wp-content\/uploads\/2025\/02\/Clipperton-Couverture-Rapport.png\" alt=\"Rapport de la mission Clipperton 2019\" class=\"wp-image-3204\" style=\"width:416px\" srcset=\"https:\/\/seastemic.com\/wp-content\/uploads\/2025\/02\/Clipperton-Couverture-Rapport.png 1160w, https:\/\/seastemic.com\/wp-content\/uploads\/2025\/02\/Clipperton-Couverture-Rapport-211x300.png 211w, https:\/\/seastemic.com\/wp-content\/uploads\/2025\/02\/Clipperton-Couverture-Rapport-722x1024.png 722w, https:\/\/seastemic.com\/wp-content\/uploads\/2025\/02\/Clipperton-Couverture-Rapport-768x1090.png 768w, https:\/\/seastemic.com\/wp-content\/uploads\/2025\/02\/Clipperton-Couverture-Rapport-1082x1536.png 1082w\" sizes=\"auto, (max-width: 1160px) 100vw, 1160px\" \/><\/figure>\n\n\n\n<figure class=\"wp-block-image size-full is-resized\"><img loading=\"lazy\" decoding=\"async\" width=\"1000\" height=\"1000\" src=\"https:\/\/seastemic.com\/wp-content\/uploads\/2023\/06\/oiseau-plage-polluee-1000x1000-1.jpg\" alt=\"oiseau sur plage pollu\u00e9e\" class=\"wp-image-823\" style=\"width:416px\" srcset=\"https:\/\/seastemic.com\/wp-content\/uploads\/2023\/06\/oiseau-plage-polluee-1000x1000-1.jpg 1000w, https:\/\/seastemic.com\/wp-content\/uploads\/2023\/06\/oiseau-plage-polluee-1000x1000-1-300x300.jpg 300w, https:\/\/seastemic.com\/wp-content\/uploads\/2023\/06\/oiseau-plage-polluee-1000x1000-1-150x150.jpg 150w, https:\/\/seastemic.com\/wp-content\/uploads\/2023\/06\/oiseau-plage-polluee-1000x1000-1-768x768.jpg 768w\" sizes=\"auto, (max-width: 1000px) 100vw, 1000px\" \/><\/figure>\n<\/div>\n\n\n\n<div class=\"wp-block-column is-vertically-aligned-center ticss-3b156fd8 is-layout-flow wp-block-column-is-layout-flow\" style=\"flex-basis:50%\">\n<p class=\"has-nv-dark-bg-color has-text-color\"><strong>Th\u00e8me :<\/strong> Conf\u00e9rence Photographique \u00e0 but de vulgarisation scientifique et de sensibilisation. Conf\u00e9rence sur le plastique dans les Oc\u00e9ans avec le retour d\u2019exp\u00e9rience d\u2019une exp\u00e9dition scientifique sur l\u2019Atoll de Clipperton dans l\u2019Oc\u00e9an Pacifique. La conf\u00e9rence dure 1h \u00e0 1h30 et permet de parcourir l\u2019ensemble de la th\u00e9matique Plastique avec une vision globale et mondiale jusqu\u2019\u00e0 notre quotidien. Elle est imag\u00e9e de l\u2019exp\u00e9rience concr\u00e8te de l\u2019auteur et de ses photographies.<\/p>\n\n\n\n<p class=\"has-nv-dark-bg-color has-text-color\"><strong>Objectif :<\/strong> Parcourir l\u2019ensemble de la th\u00e9matique plastique avec une vision globale et mondiale jusqu\u2019\u00e0 notre quotidien. <\/p>\n\n\n\n<p class=\"has-nv-dark-bg-color has-text-color\"><strong>Contenu de la conf\u00e9rence :<\/strong> <\/p>\n\n\n\n<ul class=\"wp-block-list has-nv-dark-bg-color has-text-color\">\n<li>D\u00e9finition des plastiques et les enjeux de cette pollution<\/li>\n\n\n\n<li>Les limites du recyclage<\/li>\n\n\n\n<li>Identifier les solutions et les pistes d&rsquo;action<\/li>\n\n\n\n<li>Le 4\u00e8me territoire Fran\u00e7ais de l\u2019Oc\u00e9an Pacifique<\/li>\n<\/ul>\n<\/div>\n<\/div>\n\n\n\n<div class=\"wp-block-buttons is-layout-flex wp-block-buttons-is-layout-flex\">\n<div class=\"wp-block-button has-custom-width wp-block-button__width-100 is-style-primary\"><a class=\"wp-block-button__link wp-element-button\" href=\"https:\/\/seastemic.com\/wp-content\/uploads\/2025\/02\/ODS-Seastemic_Inspirer-Conference-Clipperton.pdf\">T\u00e9l\u00e9charger la plaquette<\/a><\/div>\n<\/div>\n<\/div><\/div>\n\n\n\n<hr class=\"wp-block-separator has-alpha-channel-opacity\"\/>\n\n\n\n<div class=\"wp-block-cover is-light has-custom-4-color has-text-color\" style=\"min-height:688px;aspect-ratio:unset;\" id=\"Les-4-Crises-Environnementales\"><span aria-hidden=\"true\" class=\"wp-block-cover__background has-nv-light-bg-background-color has-background-dim-40 has-background-dim\"><\/span><div class=\"wp-block-cover__inner-container is-layout-flow wp-block-cover-is-layout-flow\">\n<h3 class=\"wp-block-heading has-text-align-left has-neve-text-color-color has-nv-light-bg-background-color has-text-color has-background\"><em>ENJEUX ENVIRONNEMENTAUX &#8211; LIENS COMPLEXES EN TOUTE SIMPLICIT\u00c9<\/em><\/h3>\n\n\n\n<h4 class=\"wp-block-heading\">Comprendre pourquoi la transition \u00e9cologique n&rsquo;est pas un choix.<\/h4>\n\n\n\n<div class=\"wp-block-columns are-vertically-aligned-center is-layout-flex wp-container-core-columns-is-layout-2 wp-block-columns-is-layout-flex\">\n<div class=\"wp-block-column is-vertically-aligned-center ticss-3b156fd8 is-layout-flow wp-block-column-is-layout-flow\" style=\"flex-basis:50%\">\n<p class=\"has-nv-dark-bg-color has-text-color\"><strong>Th\u00e8me :<\/strong> Climat &#8211; Biodiversit\u00e9 &#8211; Rar\u00e9faction des ressources &#8211; Limites plan\u00e9taires<\/p>\n\n\n\n<p class=\"has-nv-dark-bg-color has-text-color\"><strong>Objectif :<\/strong> Tisser les liens et comprendre les enjeux entre climat et biodiversit\u00e9, rar\u00e9faction des ressources et limites plan\u00e9taires. Int\u00e9grer ces enjeux dans une d\u00e9marche syst\u00e9mique et \u00eatre en mesure de l&rsquo;appliquer \u00e0 notre quotidien tant personnel, professionnel que citoyen.<\/p>\n\n\n\n<p class=\"has-neve-text-color-color has-text-color\"><strong>Contenu de la conf\u00e9rence<\/strong> :<\/p>\n\n\n\n<ul class=\"wp-block-list has-neve-text-color-color has-text-color\">\n<li>Changement climatique : d\u00e9finition &amp; pistes d&rsquo;action<\/li>\n\n\n\n<li>Biodiversit\u00e9 : d\u00e9finitions &amp; constats<\/li>\n\n\n\n<li>Ressources naturelles : constats &amp; mati\u00e8res premi\u00e8res.<\/li>\n\n\n\n<li>Limites plan\u00e9taires : d\u00e9finitions<\/li>\n<\/ul>\n<\/div>\n\n\n\n<div class=\"wp-block-column is-vertically-aligned-center is-layout-flow wp-block-column-is-layout-flow\" style=\"flex-basis:50%\">\n<figure class=\"wp-block-image size-full\"><img loading=\"lazy\" decoding=\"async\" width=\"1313\" height=\"876\" src=\"https:\/\/seastemic.com\/wp-content\/uploads\/2023\/06\/requin.jpg\" alt=\"Disparition de la biodiversit\u00e9 marine\" class=\"wp-image-1246\" srcset=\"https:\/\/seastemic.com\/wp-content\/uploads\/2023\/06\/requin.jpg 1313w, https:\/\/seastemic.com\/wp-content\/uploads\/2023\/06\/requin-300x200.jpg 300w, https:\/\/seastemic.com\/wp-content\/uploads\/2023\/06\/requin-1024x683.jpg 1024w, https:\/\/seastemic.com\/wp-content\/uploads\/2023\/06\/requin-768x512.jpg 768w, https:\/\/seastemic.com\/wp-content\/uploads\/2023\/06\/requin-930x620.jpg 930w\" sizes=\"auto, (max-width: 1313px) 100vw, 1313px\" \/><\/figure>\n\n\n\n<figure class=\"wp-block-image size-full\"><img loading=\"lazy\" decoding=\"async\" width=\"1100\" height=\"700\" src=\"https:\/\/seastemic.com\/wp-content\/uploads\/2023\/11\/1.-Poster-GIEC-scenario-generations.png\" alt=\"Climat Adaptation et Att\u00e9nuation\" class=\"wp-image-2546\" srcset=\"https:\/\/seastemic.com\/wp-content\/uploads\/2023\/11\/1.-Poster-GIEC-scenario-generations.png 1100w, https:\/\/seastemic.com\/wp-content\/uploads\/2023\/11\/1.-Poster-GIEC-scenario-generations-300x191.png 300w, https:\/\/seastemic.com\/wp-content\/uploads\/2023\/11\/1.-Poster-GIEC-scenario-generations-1024x652.png 1024w, https:\/\/seastemic.com\/wp-content\/uploads\/2023\/11\/1.-Poster-GIEC-scenario-generations-768x489.png 768w\" sizes=\"auto, (max-width: 1100px) 100vw, 1100px\" \/><\/figure>\n<\/div>\n<\/div>\n<\/div><\/div>\n\n\n\n<hr class=\"wp-block-separator has-alpha-channel-opacity\"\/>\n\n\n\n<div class=\"wp-block-cover is-light has-custom-4-color has-text-color\" style=\"min-height:688px;aspect-ratio:unset;\" id=\"Eau\"><span aria-hidden=\"true\" class=\"wp-block-cover__background has-nv-light-bg-background-color has-background-dim-40 has-background-dim\"><\/span><div class=\"wp-block-cover__inner-container is-layout-flow wp-block-cover-is-layout-flow\">\n<h3 class=\"wp-block-heading has-text-align-left has-neve-text-color-color has-nv-light-bg-background-color has-text-color has-background\"><em>L\u2019EAU DANS TOUS SES \u00c9TATS<\/em><\/h3>\n\n\n\n<h4 class=\"wp-block-heading has-text-align-left has-nv-dark-bg-color has-text-color has-link-color wp-elements-cdefb3740d57d77bfd4efb5ca7af77e7\"><em>Pour tout comprendre aux enjeux de l&rsquo;eau du niveau mondial \u00e0 notre robinet et notre alimentation<\/em><\/h4>\n\n\n\n<div class=\"wp-block-columns are-vertically-aligned-center is-layout-flex wp-container-core-columns-is-layout-3 wp-block-columns-is-layout-flex\">\n<div class=\"wp-block-column is-vertically-aligned-center ticss-3b156fd8 is-layout-flow wp-block-column-is-layout-flow\" style=\"flex-basis:50%\">\n<p class=\"has-nv-dark-bg-color has-text-color\"><strong>Th\u00e8me :<\/strong> Eau &#8211; Rar\u00e9faction des ressources &#8211; Limites plan\u00e9taires<\/p>\n\n\n\n<p class=\"has-nv-dark-bg-color has-text-color\"><strong>Objectif :<\/strong> Une conf\u00e9rence complexe (de &lsquo;cum plexus&rsquo; : Tiss\u00e9 Ensemble) mais pas compliqu\u00e9e ! Venez apprendre et tester vos connaissances sur la th\u00e9matique du <strong>cycle de l&rsquo;eau<\/strong>, des impacts li\u00e9s \u00e0 nos <strong>usages<\/strong> et au changement climatique. Collectivement nous retisserons les liens pour int\u00e9grer et comprendre les enjeux de l&rsquo;eau au 21\u00e8me si\u00e8cle !<\/p>\n\n\n\n<p class=\"has-neve-text-color-color has-text-color\"><strong><br>A LA FIN DE CETTE CONF\u00c9RENCE LES PARTICIPANTS CONNA\u00ceTRONT<\/strong> :<\/p>\n\n\n\n<ul class=\"wp-block-list has-neve-text-color-color has-text-color\">\n<li>les quantit\u00e9s d&rsquo;eau disponible,<\/li>\n\n\n\n<li>les notions de qualit\u00e9s de l&rsquo;eau, d&rsquo;eau verte, bleue, grise&#8230;<\/li>\n\n\n\n<li>les fronti\u00e8res plan\u00e9taires li\u00e9s \u00e0 cette ressource,<\/li>\n\n\n\n<li>les pressions et enjeux strat\u00e9giques en lien avec cette ressource vitale !<\/li>\n\n\n\n<li>Le lien entre notre quotidien et ce sujet<\/li>\n\n\n\n<li>Les pistes d\u2019actions &amp; solutions<\/li>\n\n\n\n<li>Les sources d\u2019informations<\/li>\n<\/ul>\n<\/div>\n\n\n\n<div class=\"wp-block-column is-vertically-aligned-center is-layout-flow wp-block-column-is-layout-flow\" style=\"flex-basis:50%\">\n<figure class=\"wp-block-image size-full is-resized\"><img loading=\"lazy\" decoding=\"async\" width=\"2972\" height=\"1849\" src=\"https:\/\/seastemic.com\/wp-content\/uploads\/2025\/02\/20171026_oieau_part_eau_douce_sur_terre_0.png\" alt=\"Part d'eau douce dans le monde\" class=\"wp-image-3168\" style=\"width:416px\" srcset=\"https:\/\/seastemic.com\/wp-content\/uploads\/2025\/02\/20171026_oieau_part_eau_douce_sur_terre_0.png 2972w, https:\/\/seastemic.com\/wp-content\/uploads\/2025\/02\/20171026_oieau_part_eau_douce_sur_terre_0-300x187.png 300w, https:\/\/seastemic.com\/wp-content\/uploads\/2025\/02\/20171026_oieau_part_eau_douce_sur_terre_0-1024x637.png 1024w, https:\/\/seastemic.com\/wp-content\/uploads\/2025\/02\/20171026_oieau_part_eau_douce_sur_terre_0-768x478.png 768w, https:\/\/seastemic.com\/wp-content\/uploads\/2025\/02\/20171026_oieau_part_eau_douce_sur_terre_0-1536x956.png 1536w, https:\/\/seastemic.com\/wp-content\/uploads\/2025\/02\/20171026_oieau_part_eau_douce_sur_terre_0-2048x1274.png 2048w\" sizes=\"auto, (max-width: 2972px) 100vw, 2972px\" \/><\/figure>\n\n\n\n<div style=\"height:10px\" aria-hidden=\"true\" class=\"wp-block-spacer\"><\/div>\n\n\n\n<figure class=\"wp-block-image size-full is-resized\"><img loading=\"lazy\" decoding=\"async\" width=\"2560\" height=\"1154\" src=\"https:\/\/seastemic.com\/wp-content\/uploads\/2025\/02\/20220822_190117-scaled.jpg\" alt=\"La Garonne \u00e0 Toulouse\" class=\"wp-image-3203\" style=\"width:416px\" srcset=\"https:\/\/seastemic.com\/wp-content\/uploads\/2025\/02\/20220822_190117-scaled.jpg 2560w, https:\/\/seastemic.com\/wp-content\/uploads\/2025\/02\/20220822_190117-300x135.jpg 300w, https:\/\/seastemic.com\/wp-content\/uploads\/2025\/02\/20220822_190117-1024x462.jpg 1024w, https:\/\/seastemic.com\/wp-content\/uploads\/2025\/02\/20220822_190117-768x346.jpg 768w, https:\/\/seastemic.com\/wp-content\/uploads\/2025\/02\/20220822_190117-1536x692.jpg 1536w, https:\/\/seastemic.com\/wp-content\/uploads\/2025\/02\/20220822_190117-2048x923.jpg 2048w\" sizes=\"auto, (max-width: 2560px) 100vw, 2560px\" \/><\/figure>\n<\/div>\n<\/div>\n\n\n\n<div class=\"wp-block-buttons is-layout-flex wp-block-buttons-is-layout-flex\">\n<div class=\"wp-block-button has-custom-width wp-block-button__width-100 is-style-primary\"><a class=\"wp-block-button__link wp-element-button\" href=\"https:\/\/seastemic.com\/wp-content\/uploads\/2025\/02\/ODS-Seastemic_Inspirer-Conference-Eau.pdf\">T\u00e9l\u00e9charger la plaquette<\/a><\/div>\n<\/div>\n<\/div><\/div>\n\n\n\n<hr class=\"wp-block-separator has-alpha-channel-opacity\"\/>\n\n\n\n<div class=\"wp-block-cover is-light has-custom-4-color has-text-color\" style=\"min-height:688px;aspect-ratio:unset;\" id=\"Climat\"><span aria-hidden=\"true\" class=\"wp-block-cover__background has-nv-light-bg-background-color has-background-dim-40 has-background-dim\"><\/span><div class=\"wp-block-cover__inner-container is-layout-flow wp-block-cover-is-layout-flow\">\n<h3 class=\"wp-block-heading has-text-align-left has-neve-text-color-color has-nv-light-bg-background-color has-text-color has-background\"><em><em>CLIMAT\u00a0: TOUT COMPRENDRE (enfin) ET SAVOIR AGIR (dans la Joie et l&rsquo;Efficacit\u00e9)<\/em><\/em><\/h3>\n\n\n\n<h4 class=\"wp-block-heading\">Etat des lieux, ordres de grandeur et passage \u00e0 l&rsquo;action<\/h4>\n\n\n\n<div class=\"wp-block-columns are-vertically-aligned-center is-layout-flex wp-container-core-columns-is-layout-4 wp-block-columns-is-layout-flex\">\n<div class=\"wp-block-column is-vertically-aligned-center ticss-3b156fd8 is-layout-flow wp-block-column-is-layout-flow\" style=\"flex-basis:50%\">\n<p class=\"has-nv-dark-bg-color has-text-color\"><strong>Th\u00e8me :<\/strong> Changement Climatique <\/p>\n\n\n\n<p class=\"has-nv-dark-bg-color has-text-color\"><strong>Objectif :<\/strong> Donner les cl\u00e9s de compr\u00e9hension sur le d\u00e9r\u00e8glement climatique. Savoir ce qu&rsquo;il y a dans les rapports du GIEC. Quels sont les points cl\u00e9s. Apprendre ou renforcer ses connaissances sur nos \u00e9missions au niveau mondial, national et individuel ainsi que travailler son esprit critique sur les fausses bonnes id\u00e9es potentielles et les actions efficaces.<\/p>\n\n\n\n<p class=\"has-neve-text-color-color has-text-color\"><strong>Contenu de la conf\u00e9rence<\/strong> :<\/p>\n\n\n\n<ul class=\"wp-block-list has-neve-text-color-color has-text-color\">\n<li><em>Vulgarisation experte et imag\u00e9e sur les liens causes \/ cons\u00e9quences du syst\u00e8me climatique.<\/em><\/li>\n\n\n\n<li><em>Faire la diff\u00e9rence entre att\u00e9nuation et adaptation. Connaitre l&rsquo;impact de nos actions.<\/em><\/li>\n\n\n\n<li><em>Renforcer ses connaissances des ordres de grandeurs et savoir agir avec sens et discernement.<\/em><\/li>\n<\/ul>\n<\/div>\n\n\n\n<div class=\"wp-block-column is-vertically-aligned-center is-layout-flow wp-block-column-is-layout-flow\" style=\"flex-basis:50%\">\n<figure class=\"wp-block-image size-full\"><img loading=\"lazy\" decoding=\"async\" width=\"1184\" height=\"1054\" src=\"https:\/\/seastemic.com\/wp-content\/uploads\/2025\/02\/Capture-decran-2025-02-12-a-18.06.31.png\" alt=\"Rapport du GIEC\" class=\"wp-image-3202\" srcset=\"https:\/\/seastemic.com\/wp-content\/uploads\/2025\/02\/Capture-decran-2025-02-12-a-18.06.31.png 1184w, https:\/\/seastemic.com\/wp-content\/uploads\/2025\/02\/Capture-decran-2025-02-12-a-18.06.31-300x267.png 300w, https:\/\/seastemic.com\/wp-content\/uploads\/2025\/02\/Capture-decran-2025-02-12-a-18.06.31-1024x912.png 1024w, https:\/\/seastemic.com\/wp-content\/uploads\/2025\/02\/Capture-decran-2025-02-12-a-18.06.31-768x684.png 768w\" sizes=\"auto, (max-width: 1184px) 100vw, 1184px\" \/><\/figure>\n\n\n\n<figure class=\"wp-block-image size-full\"><img loading=\"lazy\" decoding=\"async\" width=\"1100\" height=\"700\" src=\"https:\/\/seastemic.com\/wp-content\/uploads\/2023\/11\/1.-Poster-GIEC-scenario-generations.png\" alt=\"Climat Adaptation et Att\u00e9nuation\" class=\"wp-image-2546\" srcset=\"https:\/\/seastemic.com\/wp-content\/uploads\/2023\/11\/1.-Poster-GIEC-scenario-generations.png 1100w, https:\/\/seastemic.com\/wp-content\/uploads\/2023\/11\/1.-Poster-GIEC-scenario-generations-300x191.png 300w, https:\/\/seastemic.com\/wp-content\/uploads\/2023\/11\/1.-Poster-GIEC-scenario-generations-1024x652.png 1024w, https:\/\/seastemic.com\/wp-content\/uploads\/2023\/11\/1.-Poster-GIEC-scenario-generations-768x489.png 768w\" sizes=\"auto, (max-width: 1100px) 100vw, 1100px\" \/><\/figure>\n<\/div>\n<\/div>\n<\/div><\/div>\n\n\n\n<hr class=\"wp-block-separator has-alpha-channel-opacity\"\/>\n\n\n\n<div class=\"wp-block-cover is-light\" style=\"min-height:598px;aspect-ratio:unset;\" id=\"Sur-Mesure\"><span aria-hidden=\"true\" class=\"wp-block-cover__background has-nv-light-bg-background-color has-background-dim-30 has-background-dim\"><\/span><div class=\"wp-block-cover__inner-container is-layout-flow wp-block-cover-is-layout-flow\">\n<div class=\"wp-block-group\"><div class=\"wp-block-group__inner-container is-layout-flow wp-block-group-is-layout-flow\">\n<div class=\"wp-block-columns are-vertically-aligned-center is-layout-flex wp-container-core-columns-is-layout-5 wp-block-columns-is-layout-flex\">\n<div class=\"wp-block-column is-vertically-aligned-center is-layout-flow wp-block-column-is-layout-flow\" style=\"flex-basis:50%\">\n<figure class=\"wp-block-image size-full\"><img loading=\"lazy\" decoding=\"async\" width=\"446\" height=\"446\" src=\"https:\/\/seastemic.com\/wp-content\/uploads\/2023\/06\/presentiel.png\" alt=\"\" class=\"wp-image-992\" srcset=\"https:\/\/seastemic.com\/wp-content\/uploads\/2023\/06\/presentiel.png 446w, https:\/\/seastemic.com\/wp-content\/uploads\/2023\/06\/presentiel-300x300.png 300w, https:\/\/seastemic.com\/wp-content\/uploads\/2023\/06\/presentiel-150x150.png 150w\" sizes=\"auto, (max-width: 446px) 100vw, 446px\" \/><\/figure>\n<\/div>\n\n\n\n<div class=\"wp-block-column is-vertically-aligned-center ticss-3b156fd8 is-layout-flow wp-block-column-is-layout-flow\" style=\"flex-basis:50%\">\n<h3 class=\"wp-block-heading has-text-align-left has-neve-text-color-color has-text-color\">Conf\u00e9rences Sur-mesure<\/h3>\n\n\n\n<p class=\"has-nv-dark-bg-color has-text-color\"><strong>Th\u00e8me :<\/strong> Selon vos besoins, nous cr\u00e9ons une conf\u00e9rence sur-mesure,  mettant l&rsquo;accent sur des probl\u00e9matiques qui vous sont propres avec un vision syst\u00e9mique.<\/p>\n\n\n\n<p class=\"has-nv-dark-bg-color has-text-color\"><strong>Objectif :<\/strong> avoir une vision globale de la probl\u00e9matique afin d&rsquo;\u00e9changer et de r\u00e9fl\u00e9chir \u00e0 d&rsquo;autres alternatives.<\/p>\n<\/div>\n<\/div>\n<\/div><\/div>\n<\/div><\/div>\n\n\n\n<hr class=\"wp-block-separator has-alpha-channel-opacity\"\/>\n\n\n\n<div class=\"wp-block-cover alignfull\" id=\"TedX-Plonger-dans-l-avenir\"><span aria-hidden=\"true\" class=\"wp-block-cover__background has-nv-site-bg-background-color has-background-dim-20 has-background-dim\"><\/span><div class=\"wp-block-cover__inner-container is-layout-flow wp-block-cover-is-layout-flow\">\n<div style=\"height:0px\" aria-hidden=\"true\" class=\"wp-block-spacer\"><\/div>\n\n\n\n<h2 class=\"wp-block-heading has-nv-dark-bg-color has-text-color\">Conf\u00e9rence TedX Plonger dans l&rsquo;avenir par Eric Cros<\/h2>\n\n\n\n<figure class=\"wp-block-embed aligncenter is-type-video is-provider-youtube wp-block-embed-youtube wp-embed-aspect-16-9 wp-has-aspect-ratio\"><div class=\"wp-block-embed__wrapper\">\n<div class=\"nv-iframe-embed\"><iframe loading=\"lazy\" title=\"Plonger dans l&#039;avenir | Eric Cros | TEDxINPENSAT\" width=\"1200\" height=\"675\" src=\"https:\/\/www.youtube.com\/embed\/wko0cGsc6UU?feature=oembed\" frameborder=\"0\" allow=\"accelerometer; autoplay; clipboard-write; encrypted-media; gyroscope; picture-in-picture; web-share\" referrerpolicy=\"strict-origin-when-cross-origin\" allowfullscreen><\/iframe><\/div>\n<\/div><\/figure>\n\n\n\n<div style=\"height:0px\" aria-hidden=\"true\" class=\"wp-block-spacer\"><\/div>\n<\/div><\/div>\n\n\n\n<div style=\"height:15px\" aria-hidden=\"true\" class=\"wp-block-spacer\"><\/div>\n\n\n\n<hr class=\"wp-block-separator has-text-color has-neve-link-hover-color-color has-alpha-channel-opacity has-neve-link-hover-color-background-color has-background is-style-wide\"\/>\n\n\n\n<div style=\"height:15px\" aria-hidden=\"true\" class=\"wp-block-spacer\"><\/div>\n\n\n\n<div class=\"wp-block-columns alignfull are-vertically-aligned-top ticss-d60415d0 has-nv-site-bg-background-color has-background is-layout-flex wp-container-core-columns-is-layout-9 wp-block-columns-is-layout-flex\">\n<div class=\"wp-block-column is-vertically-aligned-top wp-embed-aspect-16-9 wp-has-aspect-ratio has-neve-link-color-color has-text-color is-layout-flow wp-block-column-is-layout-flow\" style=\"flex-basis:30%\">\n<div class=\"wp-block-group is-vertical is-content-justification-center is-layout-flex wp-container-core-group-is-layout-2 wp-block-group-is-layout-flex\">\n<p class=\"has-text-align-center has-nv-dark-bg-color has-text-color wp-container-content-1\"><strong>ORGANISATION<\/strong><\/p>\n\n\n\n<div class=\"wp-block-columns wp-container-content-2 is-layout-flex wp-container-core-columns-is-layout-6 wp-block-columns-is-layout-flex\">\n<div class=\"wp-block-column is-layout-flow wp-block-column-is-layout-flow\"><div class=\"wp-block-image\">\n<figure class=\"aligncenter size-full is-resized\"><img loading=\"lazy\" decoding=\"async\" width=\"100\" height=\"100\" src=\"https:\/\/seastemic.com\/wp-content\/uploads\/2023\/06\/presentiel-100x100-1.png\" alt=\"\" class=\"wp-image-1078\" style=\"object-fit:contain;width:75px;height:75px\"\/><\/figure><\/div>\n\n\n<p class=\"has-text-align-center has-nv-dark-bg-color has-text-color has-small-font-size\">Pr\u00e9sentiel<\/p>\n<\/div>\n\n\n\n<div class=\"wp-block-column is-layout-flow wp-block-column-is-layout-flow\"><div class=\"wp-block-image\">\n<figure class=\"aligncenter size-full is-resized\"><img loading=\"lazy\" decoding=\"async\" width=\"100\" height=\"100\" src=\"https:\/\/seastemic.com\/wp-content\/uploads\/2023\/06\/distanciel-100x100-1.png\" alt=\"\" class=\"wp-image-1080\" style=\"object-fit:cover;width:75px;height:75px\"\/><\/figure><\/div>\n\n\n<p class=\"has-text-align-center has-nv-dark-bg-color has-text-color has-small-font-size\">distanciel<\/p>\n<\/div>\n\n\n\n<div class=\"wp-block-column is-layout-flow wp-block-column-is-layout-flow\"><div class=\"wp-block-image\">\n<figure class=\"aligncenter size-full is-resized\"><img loading=\"lazy\" decoding=\"async\" width=\"100\" height=\"100\" src=\"https:\/\/seastemic.com\/wp-content\/uploads\/2023\/06\/metting-mixte-100x100-1.png\" alt=\"\" class=\"wp-image-1079\" style=\"object-fit:cover;width:75px;height:75px\"\/><\/figure><\/div>\n\n\n<p class=\"has-text-align-center has-nv-dark-bg-color has-text-color has-small-font-size\">Mixte<\/p>\n<\/div>\n<\/div>\n<\/div>\n<\/div>\n\n\n\n<div class=\"wp-block-column is-vertically-aligned-top wp-embed-aspect-16-9 wp-has-aspect-ratio is-layout-flow wp-block-column-is-layout-flow\" style=\"flex-basis:30%\">\n<div class=\"wp-block-group is-vertical is-content-justification-center is-layout-flex wp-container-core-group-is-layout-3 wp-block-group-is-layout-flex\">\n<p class=\"has-text-align-center has-nv-dark-bg-color has-text-color\"><strong>FORMAT<\/strong><\/p>\n\n\n\n<div class=\"wp-block-columns is-layout-flex wp-container-core-columns-is-layout-7 wp-block-columns-is-layout-flex\">\n<div class=\"wp-block-column is-layout-flow wp-block-column-is-layout-flow\"><div class=\"wp-block-image\">\n<figure class=\"aligncenter size-thumbnail is-resized\"><img loading=\"lazy\" decoding=\"async\" width=\"150\" height=\"150\" src=\"https:\/\/seastemic.com\/wp-content\/uploads\/2023\/06\/gpe-personne-3-150x150.png\" alt=\"\" class=\"wp-image-1128\" style=\"width:75px;height:undefinedpx\"\/><\/figure><\/div>\n\n\n<p class=\"has-text-align-center has-nv-dark-bg-color has-text-color has-small-font-size\">6 \u00e0 &gt;2000 personnes<\/p>\n<\/div>\n\n\n\n<div class=\"wp-block-column is-layout-flow wp-block-column-is-layout-flow\"><div class=\"wp-block-image\">\n<figure class=\"aligncenter size-full is-resized\"><img loading=\"lazy\" decoding=\"async\" width=\"178\" height=\"157\" src=\"https:\/\/seastemic.com\/wp-content\/uploads\/2023\/06\/Group-4.png\" alt=\"\" class=\"wp-image-1131\" style=\"width:75px;height:undefinedpx\"\/><\/figure><\/div>\n\n\n<p class=\"has-text-align-center has-nv-dark-bg-color has-text-color has-small-font-size\">Tout public<\/p>\n<\/div>\n\n\n\n<div class=\"wp-block-column is-layout-flow wp-block-column-is-layout-flow\"><div class=\"wp-block-image\">\n<figure class=\"aligncenter size-full is-resized\"><img loading=\"lazy\" decoding=\"async\" width=\"178\" height=\"157\" src=\"https:\/\/seastemic.com\/wp-content\/uploads\/2023\/06\/horloge-3.png\" alt=\"\" class=\"wp-image-1130\" style=\"object-fit:cover;width:75px;height:79px\"\/><\/figure><\/div>\n\n\n<p class=\"has-text-align-center has-nv-dark-bg-color has-text-color has-small-font-size\">20 mins \u00e0 &gt;2h00<\/p>\n<\/div>\n<\/div>\n<\/div>\n<\/div>\n\n\n\n<div class=\"wp-block-column is-vertically-aligned-top wp-embed-aspect-16-9 wp-has-aspect-ratio is-layout-flow wp-block-column-is-layout-flow\" style=\"flex-basis:25%\">\n<div class=\"wp-block-group is-vertical is-content-justification-center is-layout-flex wp-container-core-group-is-layout-4 wp-block-group-is-layout-flex\">\n<p class=\"has-text-align-center has-nv-dark-bg-color has-text-color\"><strong>CONF\u00c9RENCIER<\/strong><\/p>\n\n\n\n<div class=\"wp-block-columns is-layout-flex wp-container-core-columns-is-layout-8 wp-block-columns-is-layout-flex\">\n<div class=\"wp-block-column is-layout-flow wp-block-column-is-layout-flow\"><div class=\"wp-block-image is-style-rounded\">\n<figure class=\"aligncenter size-medium is-resized\"><img decoding=\"async\" src=\"https:\/\/seastemic.com\/wp-content\/uploads\/2023\/06\/eric-cros-portrait-300x261.jpeg\" alt=\"Portrait-eric-cros\" class=\"wp-image-790\" style=\"width:75px;height:undefinedpx\"\/><\/figure><\/div>\n\n\n<p class=\"has-text-align-center has-neve-text-color-color has-text-color\"><strong>Eric Cros<\/strong>, Fondateur de Seastemic<\/p>\n<\/div>\n<\/div>\n<\/div>\n<\/div>\n<\/div>\n\n\n\n<hr class=\"wp-block-separator has-alpha-channel-opacity\"\/>\n\n\n\n<div class=\"wp-block-buttons is-layout-flex wp-block-buttons-is-layout-flex\">\n<div class=\"wp-block-button has-custom-width wp-block-button__width-100 is-style-primary\"><a class=\"wp-block-button__link wp-element-button\" href=\"https:\/\/seastemic.com\/index.php\/contact-2\/#formulaire\" target=\"_blank\" rel=\"noreferrer noopener\">CONTACTEZ NOUS<\/a><\/div>\n<\/div>\n","protected":false},"excerpt":{"rendered":"<p>INSPIRER PAR LA PAROLE , PAR DES HISTOIRES PARTAG\u00c9ES Chez Seastemic nos conf\u00e9rences environnementales sont \u00e0 but de vulgarisation scientifique et de sensibilisation. L\u2019ensemble des informations partag\u00e9es sont sourc\u00e9es , non militantes et a-partisanes. Les informations de ces conf\u00e9rences sont r\u00e9guli\u00e8rement mises \u00e0 jour en fonction de l\u2019avancement des recherches sur le sujet. ORGANISATION Pr\u00e9sentiel&hellip;&nbsp;<a href=\"https:\/\/seastemic.com\/index.php\/inspirer-2\/conferences\/\" class=\"\" rel=\"bookmark\">Lire la suite &raquo;<span class=\"screen-reader-text\">Conf\u00e9rences<\/span><\/a><\/p>\n","protected":false},"author":1,"featured_media":0,"parent":1148,"menu_order":0,"comment_status":"closed","ping_status":"closed","template":"","meta":{"neve_meta_sidebar":"full-width","neve_meta_container":"","neve_meta_enable_content_width":"on","neve_meta_content_width":100,"neve_meta_title_alignment":"","neve_meta_author_avatar":"","neve_post_elements_order":"","neve_meta_disable_header":"","neve_meta_disable_footer":"","neve_meta_disable_title":"on","_themeisle_gutenberg_block_has_review":false,"footnotes":"[]"},"class_list":["post-2323","page","type-page","status-publish","hentry"],"yoast_head":"<!-- This site is optimized with the Yoast SEO plugin v24.4 - https:\/\/yoast.com\/wordpress\/plugins\/seo\/ -->\n<title>Conf\u00e9rences - Seastemic<\/title>\n<meta name=\"description\" content=\"Conf\u00e9rences expertes sur les enjeux environnementaux et la transition \u00e9cologique. Climat, Biodiversit\u00e9, Ressources, Eau, Oc\u00e9an, Adaptation\" \/>\n<meta name=\"robots\" content=\"index, follow, max-snippet:-1, max-image-preview:large, max-video-preview:-1\" \/>\n<link rel=\"canonical\" href=\"https:\/\/seastemic.com\/index.php\/inspirer-2\/conferences\/\" \/>\n<meta property=\"og:locale\" content=\"fr_FR\" \/>\n<meta property=\"og:type\" content=\"article\" \/>\n<meta property=\"og:title\" content=\"Conf\u00e9rences - Seastemic\" \/>\n<meta property=\"og:description\" content=\"Conf\u00e9rences expertes sur les enjeux environnementaux et la transition \u00e9cologique. Climat, Biodiversit\u00e9, Ressources, Eau, Oc\u00e9an, Adaptation\" \/>\n<meta property=\"og:url\" content=\"https:\/\/seastemic.com\/index.php\/inspirer-2\/conferences\/\" \/>\n<meta property=\"og:site_name\" content=\"Seastemic\" \/>\n<meta property=\"article:modified_time\" content=\"2025-02-12T17:27:33+00:00\" \/>\n<meta property=\"og:image\" content=\"https:\/\/seastemic.com\/wp-content\/uploads\/2023\/06\/conference-amphi-min.jpg\" \/>\n\t<meta property=\"og:image:width\" content=\"1620\" \/>\n\t<meta property=\"og:image:height\" content=\"634\" \/>\n\t<meta property=\"og:image:type\" content=\"image\/jpeg\" \/>\n<meta name=\"twitter:card\" content=\"summary_large_image\" \/>\n<meta name=\"twitter:label1\" content=\"Dur\u00e9e de lecture estim\u00e9e\" \/>\n\t<meta name=\"twitter:data1\" content=\"7 minutes\" \/>\n<script type=\"application\/ld+json\" class=\"yoast-schema-graph\">{\"@context\":\"https:\/\/schema.org\",\"@graph\":[{\"@type\":\"WebPage\",\"@id\":\"https:\/\/seastemic.com\/index.php\/inspirer-2\/conferences\/\",\"url\":\"https:\/\/seastemic.com\/index.php\/inspirer-2\/conferences\/\",\"name\":\"Conf\u00e9rences - Seastemic\",\"isPartOf\":{\"@id\":\"https:\/\/seastemic.com\/#website\"},\"primaryImageOfPage\":{\"@id\":\"https:\/\/seastemic.com\/index.php\/inspirer-2\/conferences\/#primaryimage\"},\"image\":{\"@id\":\"https:\/\/seastemic.com\/index.php\/inspirer-2\/conferences\/#primaryimage\"},\"thumbnailUrl\":\"https:\/\/seastemic.com\/wp-content\/uploads\/2023\/06\/conference-amphi-min.jpg\",\"datePublished\":\"2020-01-27T07:05:29+00:00\",\"dateModified\":\"2025-02-12T17:27:33+00:00\",\"description\":\"Conf\u00e9rences expertes sur les enjeux environnementaux et la transition \u00e9cologique. Climat, Biodiversit\u00e9, Ressources, Eau, Oc\u00e9an, Adaptation\",\"breadcrumb\":{\"@id\":\"https:\/\/seastemic.com\/index.php\/inspirer-2\/conferences\/#breadcrumb\"},\"inLanguage\":\"fr-FR\",\"potentialAction\":[{\"@type\":\"ReadAction\",\"target\":[\"https:\/\/seastemic.com\/index.php\/inspirer-2\/conferences\/\"]}]},{\"@type\":\"ImageObject\",\"inLanguage\":\"fr-FR\",\"@id\":\"https:\/\/seastemic.com\/index.php\/inspirer-2\/conferences\/#primaryimage\",\"url\":\"https:\/\/seastemic.com\/wp-content\/uploads\/2023\/06\/conference-amphi-min.jpg\",\"contentUrl\":\"https:\/\/seastemic.com\/wp-content\/uploads\/2023\/06\/conference-amphi-min.jpg\",\"width\":1620,\"height\":634},{\"@type\":\"BreadcrumbList\",\"@id\":\"https:\/\/seastemic.com\/index.php\/inspirer-2\/conferences\/#breadcrumb\",\"itemListElement\":[{\"@type\":\"ListItem\",\"position\":1,\"name\":\"Accueil\",\"item\":\"https:\/\/seastemic.com\/\"},{\"@type\":\"ListItem\",\"position\":2,\"name\":\"INSPIRER\",\"item\":\"https:\/\/seastemic.com\/index.php\/inspirer-2\/\"},{\"@type\":\"ListItem\",\"position\":3,\"name\":\"Conf\u00e9rences\"}]},{\"@type\":\"WebSite\",\"@id\":\"https:\/\/seastemic.com\/#website\",\"url\":\"https:\/\/seastemic.com\/\",\"name\":\"Seastemic\",\"description\":\"Inspirer, Former, Transformer\",\"publisher\":{\"@id\":\"https:\/\/seastemic.com\/#organization\"},\"potentialAction\":[{\"@type\":\"SearchAction\",\"target\":{\"@type\":\"EntryPoint\",\"urlTemplate\":\"https:\/\/seastemic.com\/?s={search_term_string}\"},\"query-input\":{\"@type\":\"PropertyValueSpecification\",\"valueRequired\":true,\"valueName\":\"search_term_string\"}}],\"inLanguage\":\"fr-FR\"},{\"@type\":\"Organization\",\"@id\":\"https:\/\/seastemic.com\/#organization\",\"name\":\"Seastemic\",\"url\":\"https:\/\/seastemic.com\/\",\"logo\":{\"@type\":\"ImageObject\",\"inLanguage\":\"fr-FR\",\"@id\":\"https:\/\/seastemic.com\/#\/schema\/logo\/image\/\",\"url\":\"https:\/\/seastemic.com\/wp-content\/uploads\/2023\/06\/cropped-cropped-icone_seastemic.png\",\"contentUrl\":\"https:\/\/seastemic.com\/wp-content\/uploads\/2023\/06\/cropped-cropped-icone_seastemic.png\",\"width\":\"512\",\"height\":\"512\",\"caption\":\"Seastemic\"},\"image\":{\"@id\":\"https:\/\/seastemic.com\/#\/schema\/logo\/image\/\"},\"sameAs\":[\"https:\/\/www.linkedin.com\/company\/seastemic31\"]}]}<\/script>\n<!-- \/ Yoast SEO plugin. -->","yoast_head_json":{"title":"Conf\u00e9rences - Seastemic","description":"Conf\u00e9rences expertes sur les enjeux environnementaux et la transition \u00e9cologique. Climat, Biodiversit\u00e9, Ressources, Eau, Oc\u00e9an, Adaptation","robots":{"index":"index","follow":"follow","max-snippet":"max-snippet:-1","max-image-preview":"max-image-preview:large","max-video-preview":"max-video-preview:-1"},"canonical":"https:\/\/seastemic.com\/index.php\/inspirer-2\/conferences\/","og_locale":"fr_FR","og_type":"article","og_title":"Conf\u00e9rences - Seastemic","og_description":"Conf\u00e9rences expertes sur les enjeux environnementaux et la transition \u00e9cologique. Climat, Biodiversit\u00e9, Ressources, Eau, Oc\u00e9an, Adaptation","og_url":"https:\/\/seastemic.com\/index.php\/inspirer-2\/conferences\/","og_site_name":"Seastemic","article_modified_time":"2025-02-12T17:27:33+00:00","og_image":[{"width":1620,"height":634,"url":"https:\/\/seastemic.com\/wp-content\/uploads\/2023\/06\/conference-amphi-min.jpg","type":"image\/jpeg"}],"twitter_card":"summary_large_image","twitter_misc":{"Dur\u00e9e de lecture estim\u00e9e":"7 minutes"},"schema":{"@context":"https:\/\/schema.org","@graph":[{"@type":"WebPage","@id":"https:\/\/seastemic.com\/index.php\/inspirer-2\/conferences\/","url":"https:\/\/seastemic.com\/index.php\/inspirer-2\/conferences\/","name":"Conf\u00e9rences - Seastemic","isPartOf":{"@id":"https:\/\/seastemic.com\/#website"},"primaryImageOfPage":{"@id":"https:\/\/seastemic.com\/index.php\/inspirer-2\/conferences\/#primaryimage"},"image":{"@id":"https:\/\/seastemic.com\/index.php\/inspirer-2\/conferences\/#primaryimage"},"thumbnailUrl":"https:\/\/seastemic.com\/wp-content\/uploads\/2023\/06\/conference-amphi-min.jpg","datePublished":"2020-01-27T07:05:29+00:00","dateModified":"2025-02-12T17:27:33+00:00","description":"Conf\u00e9rences expertes sur les enjeux environnementaux et la transition \u00e9cologique. Climat, Biodiversit\u00e9, Ressources, Eau, Oc\u00e9an, Adaptation","breadcrumb":{"@id":"https:\/\/seastemic.com\/index.php\/inspirer-2\/conferences\/#breadcrumb"},"inLanguage":"fr-FR","potentialAction":[{"@type":"ReadAction","target":["https:\/\/seastemic.com\/index.php\/inspirer-2\/conferences\/"]}]},{"@type":"ImageObject","inLanguage":"fr-FR","@id":"https:\/\/seastemic.com\/index.php\/inspirer-2\/conferences\/#primaryimage","url":"https:\/\/seastemic.com\/wp-content\/uploads\/2023\/06\/conference-amphi-min.jpg","contentUrl":"https:\/\/seastemic.com\/wp-content\/uploads\/2023\/06\/conference-amphi-min.jpg","width":1620,"height":634},{"@type":"BreadcrumbList","@id":"https:\/\/seastemic.com\/index.php\/inspirer-2\/conferences\/#breadcrumb","itemListElement":[{"@type":"ListItem","position":1,"name":"Accueil","item":"https:\/\/seastemic.com\/"},{"@type":"ListItem","position":2,"name":"INSPIRER","item":"https:\/\/seastemic.com\/index.php\/inspirer-2\/"},{"@type":"ListItem","position":3,"name":"Conf\u00e9rences"}]},{"@type":"WebSite","@id":"https:\/\/seastemic.com\/#website","url":"https:\/\/seastemic.com\/","name":"Seastemic","description":"Inspirer, Former, Transformer","publisher":{"@id":"https:\/\/seastemic.com\/#organization"},"potentialAction":[{"@type":"SearchAction","target":{"@type":"EntryPoint","urlTemplate":"https:\/\/seastemic.com\/?s={search_term_string}"},"query-input":{"@type":"PropertyValueSpecification","valueRequired":true,"valueName":"search_term_string"}}],"inLanguage":"fr-FR"},{"@type":"Organization","@id":"https:\/\/seastemic.com\/#organization","name":"Seastemic","url":"https:\/\/seastemic.com\/","logo":{"@type":"ImageObject","inLanguage":"fr-FR","@id":"https:\/\/seastemic.com\/#\/schema\/logo\/image\/","url":"https:\/\/seastemic.com\/wp-content\/uploads\/2023\/06\/cropped-cropped-icone_seastemic.png","contentUrl":"https:\/\/seastemic.com\/wp-content\/uploads\/2023\/06\/cropped-cropped-icone_seastemic.png","width":"512","height":"512","caption":"Seastemic"},"image":{"@id":"https:\/\/seastemic.com\/#\/schema\/logo\/image\/"},"sameAs":["https:\/\/www.linkedin.com\/company\/seastemic31"]}]}},"_links":{"self":[{"href":"https:\/\/seastemic.com\/index.php\/wp-json\/wp\/v2\/pages\/2323","targetHints":{"allow":["GET"]}}],"collection":[{"href":"https:\/\/seastemic.com\/index.php\/wp-json\/wp\/v2\/pages"}],"about":[{"href":"https:\/\/seastemic.com\/index.php\/wp-json\/wp\/v2\/types\/page"}],"author":[{"embeddable":true,"href":"https:\/\/seastemic.com\/index.php\/wp-json\/wp\/v2\/users\/1"}],"replies":[{"embeddable":true,"href":"https:\/\/seastemic.com\/index.php\/wp-json\/wp\/v2\/comments?post=2323"}],"version-history":[{"count":44,"href":"https:\/\/seastemic.com\/index.php\/wp-json\/wp\/v2\/pages\/2323\/revisions"}],"predecessor-version":[{"id":3219,"href":"https:\/\/seastemic.com\/index.php\/wp-json\/wp\/v2\/pages\/2323\/revisions\/3219"}],"up":[{"embeddable":true,"href":"https:\/\/seastemic.com\/index.php\/wp-json\/wp\/v2\/pages\/1148"}],"wp:attachment":[{"href":"https:\/\/seastemic.com\/index.php\/wp-json\/wp\/v2\/media?parent=2323"}],"curies":[{"name":"wp","href":"https:\/\/api.w.org\/{rel}","templated":true}]}}