{"id":1142,"date":"2023-06-22T14:59:41","date_gmt":"2023-06-22T12:59:41","guid":{"rendered":"http:\/\/seastemic.fr\/?page_id=1142"},"modified":"2025-02-13T09:10:01","modified_gmt":"2025-02-13T08:10:01","slug":"les-expositions-photo","status":"publish","type":"page","link":"https:\/\/seastemic.com\/index.php\/inspirer-2\/les-expositions-photo\/","title":{"rendered":"Photographie"},"content":{"rendered":"<div class=\"yoast-breadcrumbs\"><span><span><a href=\"https:\/\/seastemic.com\/\">Accueil<\/a><\/span> \u00bb <span><a href=\"https:\/\/seastemic.com\/index.php\/inspirer-2\/\">INSPIRER<\/a><\/span> \u00bb <span class=\"breadcrumb_last\" aria-current=\"page\">Photographie<\/span><\/span><\/div>\n\n\n<h1 class=\"wp-block-heading\">INSPIRER PAR l&rsquo;IMAGE<\/h1>\n\n\n\n<div class=\"wp-block-cover alignfull has-custom-content-position is-position-top-center\"><span aria-hidden=\"true\" class=\"wp-block-cover__background has-background-dim-0 has-background-dim\"><\/span><img loading=\"lazy\" decoding=\"async\" width=\"2000\" height=\"1100\" class=\"wp-block-cover__image-background wp-image-919\" alt=\"\" src=\"https:\/\/seastemic.com\/wp-content\/uploads\/2023\/06\/tortueblessee-min.jpg\" style=\"object-position:54% 68%\" data-object-fit=\"cover\" data-object-position=\"54% 68%\" srcset=\"https:\/\/seastemic.com\/wp-content\/uploads\/2023\/06\/tortueblessee-min.jpg 2000w, https:\/\/seastemic.com\/wp-content\/uploads\/2023\/06\/tortueblessee-min-300x165.jpg 300w, https:\/\/seastemic.com\/wp-content\/uploads\/2023\/06\/tortueblessee-min-1024x563.jpg 1024w, https:\/\/seastemic.com\/wp-content\/uploads\/2023\/06\/tortueblessee-min-768x422.jpg 768w, https:\/\/seastemic.com\/wp-content\/uploads\/2023\/06\/tortueblessee-min-1536x845.jpg 1536w\" sizes=\"auto, (max-width: 2000px) 100vw, 2000px\" \/><div class=\"wp-block-cover__inner-container is-layout-flow wp-block-cover-is-layout-flow\">\n<h2 class=\"wp-block-heading has-text-align-center\">PHOTOGRAPHIE<\/h2>\n<\/div><\/div>\n\n\n\n<div class=\"wp-block-cover alignfull has-nv-dark-bg-color has-text-color\"><span aria-hidden=\"true\" class=\"wp-block-cover__background has-nv-light-bg-background-color has-background-dim-100 has-background-dim\"><\/span><div class=\"wp-block-cover__inner-container is-layout-constrained wp-block-cover-is-layout-constrained\">\n<div style=\"height:28px\" aria-hidden=\"true\" class=\"wp-block-spacer\"><\/div>\n\n\n\n<h2 class=\"wp-block-heading has-text-align-center\">Inspirer par l&rsquo;image et toucher les \u00e9motions<\/h2>\n\n\n\n<h3 class=\"wp-block-heading has-text-align-center\">Expositions  photographiques<\/h3>\n\n\n\n<div class=\"wp-block-columns alignfull has-nv-light-bg-background-color has-background is-layout-flex wp-container-core-columns-is-layout-1 wp-block-columns-is-layout-flex\">\n<div class=\"wp-block-column ticss-a5cb565b is-layout-flow wp-block-column-is-layout-flow\" style=\"flex-basis:30%\">\n<p>La photographie peut \u00eatre descriptive, narrative ou purement artistique. Dans tous les cas, au travers de son travail photographique, Eric Cros cherche \u00e0 faire passer des messages li\u00e9s \u00e0 l\u2019environnement, nos soci\u00e9t\u00e9s et les changements et transitions en cours et \u00e0 venir.<\/p>\n<\/div>\n\n\n\n<div class=\"wp-block-column is-layout-flow wp-block-column-is-layout-flow\" style=\"flex-basis:30%\">\n<p>Par ses r\u00e9cits visuels, il nous am\u00e8ne \u00e0 <strong>nous questionner<\/strong>, nous pousse \u00e0 <strong>ressentir et accueillir nos \u00e9motions<\/strong> et enfin nous <strong>encourage au passage \u00e0 l\u2019action<\/strong>\u00a0 et \u00e0 l\u2019<strong>envie de Savoir pour Savoir-Agir<\/strong>.<br><\/p>\n<\/div>\n\n\n\n<div class=\"wp-block-column is-layout-flow wp-block-column-is-layout-flow\" style=\"flex-basis:40%\">\n<p>L&rsquo;exposition \u201c <strong>Plan\u00e8te Mer(e), un \u0153il dans l\u2019Oc\u00e9an<\/strong>\u201d nous encourage \u00e0 nous \u00e9merveiller de la beaut\u00e9 du monde marin et nous interroger en m\u00eame temps sur la pollution plastique que l\u2019on y d\u00e9verse. Un travail plein de contraste, de finesse et d\u2019un regard \u00e0 double lecture.<\/p>\n<\/div>\n<\/div>\n<\/div><\/div>\n\n\n\n<div class=\"wp-block-cover alignfull\" style=\"min-height:772px;aspect-ratio:unset;\"><span aria-hidden=\"true\" class=\"wp-block-cover__background has-nv-text-dark-bg-background-color has-background-dim-40 has-background-dim\"><\/span><div class=\"wp-block-cover__inner-container is-layout-flow wp-block-cover-is-layout-flow\">\n<div class=\"wp-block-group\"><div class=\"wp-block-group__inner-container is-layout-flow wp-block-group-is-layout-flow\">\n<div style=\"height:0px\" aria-hidden=\"true\" class=\"wp-block-spacer\"><\/div>\n\n\n\n<div class=\"wp-block-columns are-vertically-aligned-center is-layout-flex wp-container-core-columns-is-layout-2 wp-block-columns-is-layout-flex\">\n<div class=\"wp-block-column is-vertically-aligned-center is-layout-flow wp-block-column-is-layout-flow\" style=\"flex-basis:50%\">\n<figure class=\"wp-block-image size-large is-resized\"><img loading=\"lazy\" decoding=\"async\" width=\"1024\" height=\"1024\" src=\"https:\/\/seastemic.com\/wp-content\/uploads\/2023\/08\/20211027_151931_FR-Toulouse-ExpositionBazacle-1024x1024.jpg\" alt=\"\" class=\"wp-image-1778\" style=\"width:550px;height:550px\" srcset=\"https:\/\/seastemic.com\/wp-content\/uploads\/2023\/08\/20211027_151931_FR-Toulouse-ExpositionBazacle-1024x1024.jpg 1024w, https:\/\/seastemic.com\/wp-content\/uploads\/2023\/08\/20211027_151931_FR-Toulouse-ExpositionBazacle-300x300.jpg 300w, https:\/\/seastemic.com\/wp-content\/uploads\/2023\/08\/20211027_151931_FR-Toulouse-ExpositionBazacle-150x150.jpg 150w, https:\/\/seastemic.com\/wp-content\/uploads\/2023\/08\/20211027_151931_FR-Toulouse-ExpositionBazacle-768x768.jpg 768w, https:\/\/seastemic.com\/wp-content\/uploads\/2023\/08\/20211027_151931_FR-Toulouse-ExpositionBazacle-1536x1536.jpg 1536w, https:\/\/seastemic.com\/wp-content\/uploads\/2023\/08\/20211027_151931_FR-Toulouse-ExpositionBazacle-2048x2048.jpg 2048w\" sizes=\"auto, (max-width: 1024px) 100vw, 1024px\" \/><\/figure>\n<\/div>\n\n\n\n<div class=\"wp-block-column is-vertically-aligned-center ticss-3b156fd8 is-layout-flow wp-block-column-is-layout-flow\" style=\"flex-basis:50%\">\n<h2 class=\"wp-block-heading has-text-align-left has-neve-text-color-color has-text-color has-large-font-size\">Exposition &#8211; Plan\u00e8te Mer(e), un oeil dans l&rsquo;Oc\u00e9an<\/h2>\n\n\n\n<p class=\"has-nv-dark-bg-color has-text-color\">VOYAGEZ AUTOUR DU MONDE, DE LA M\u00c9DITERRAN\u00c9E JUSQU&rsquo;EN POLYN\u00c9SIE, EN QU\u00caTE DE BEAUT\u00c9 ET DE SAUVEGARDE DE LA NATURE MARINE.<\/p>\n\n\n\n<p class=\"has-nv-dark-bg-color has-text-color\">Du corallig\u00e8ne de M\u00e9diterran\u00e9e aux fous masqu\u00e9s de Clipperton en passant par les dauphins de Rangiroa dans l\u2019archipel des Tuamotu en Polyn\u00e9sie Fran\u00e7aise, un voyage sur l\u2019eau et sous l\u2019eau. <\/p>\n\n\n\n<p class=\"has-nv-dark-bg-color has-text-color\">Une exposition photographique pour apprendre, s\u2019\u00e9merveiller, s\u2019indigner et faire cro\u00eetre l\u2019envie de d\u00e9fendre la beaut\u00e9 fragile de notre plan\u00e8te, notre Plan\u00e8te Mer(e).<\/p>\n\n\n\n<div class=\"wp-block-buttons is-horizontal is-content-justification-left is-layout-flex wp-container-core-buttons-is-layout-1 wp-block-buttons-is-layout-flex\">\n<div class=\"wp-block-button is-style-primary\"><a class=\"wp-block-button__link wp-element-button\" href=\"#Contact\">Ca m&rsquo;int\u00e9resse<\/a><\/div>\n<\/div>\n<\/div>\n<\/div>\n\n\n\n<div style=\"height:40px\" aria-hidden=\"true\" class=\"wp-block-spacer\"><\/div>\n<\/div><\/div>\n<\/div><\/div>\n\n\n\n<div class=\"wp-block-cover alignfull\" style=\"min-height:600px;aspect-ratio:unset;\"><span aria-hidden=\"true\" class=\"wp-block-cover__background has-nv-light-bg-background-color has-background-dim-40 has-background-dim\"><\/span><div class=\"wp-block-cover__inner-container is-layout-flow wp-block-cover-is-layout-flow\">\n<div class=\"wp-block-group\"><div class=\"wp-block-group__inner-container is-layout-flow wp-block-group-is-layout-flow\">\n<div style=\"height:80px\" aria-hidden=\"true\" class=\"wp-block-spacer\"><\/div>\n\n\n\n<div class=\"wp-block-columns are-vertically-aligned-center is-layout-flex wp-container-core-columns-is-layout-3 wp-block-columns-is-layout-flex\">\n<div class=\"wp-block-column is-vertically-aligned-center ticss-3b156fd8 is-layout-flow wp-block-column-is-layout-flow\" style=\"flex-basis:50%\">\n<h2 class=\"wp-block-heading has-text-align-left has-neve-text-color-color has-text-color has-large-font-size\">Travail photo Sur-mesure<\/h2>\n\n\n\n<p class=\"has-text-align-left has-nv-dark-bg-color has-text-color\"><strong>Th\u00e8me :<\/strong> Selon vos besoins, Eric Cros fondateur de Seastemic, intervient en photographie sur des th\u00e9matiques qui vous sont propres en lien avec les enjeux environnementaux, sociaux et de transition. <\/p>\n\n\n\n<p class=\"has-nv-dark-bg-color has-text-color\"><strong>Objectif :<\/strong> Ressentir et donner \u00e0 voir et r\u00e9fl\u00e9chir par l&rsquo;image un sujet, afin d&rsquo;\u00e9changer et de r\u00e9fl\u00e9chir \u00e0 d&rsquo;autres possibles.<\/p>\n\n\n\n<div class=\"wp-block-buttons is-horizontal is-content-justification-left is-layout-flex wp-container-core-buttons-is-layout-2 wp-block-buttons-is-layout-flex\">\n<div class=\"wp-block-button is-style-primary\"><a class=\"wp-block-button__link wp-element-button\" href=\"#Contact\">Ca m&rsquo;int\u00e9resse<\/a><\/div>\n<\/div>\n<\/div>\n\n\n\n<div class=\"wp-block-column is-vertically-aligned-center is-layout-flow wp-block-column-is-layout-flow\" style=\"flex-basis:50%\">\n<figure class=\"wp-block-gallery has-nested-images columns-default is-cropped wp-block-gallery-1 is-layout-flex wp-block-gallery-is-layout-flex\">\n<figure class=\"wp-block-image size-large\"><img loading=\"lazy\" decoding=\"async\" width=\"1024\" height=\"576\" src=\"https:\/\/seastemic.com\/wp-content\/uploads\/2023\/08\/20160628_112118_IND-RajaAmpat_Yenkoranu-scaled-1-1024x576.jpg\" alt=\"Photographier : Ecrire avec la lumi\u00e8re\" class=\"wp-image-1764\" srcset=\"https:\/\/seastemic.com\/wp-content\/uploads\/2023\/08\/20160628_112118_IND-RajaAmpat_Yenkoranu-scaled-1-1024x576.jpg 1024w, https:\/\/seastemic.com\/wp-content\/uploads\/2023\/08\/20160628_112118_IND-RajaAmpat_Yenkoranu-scaled-1-300x169.jpg 300w, https:\/\/seastemic.com\/wp-content\/uploads\/2023\/08\/20160628_112118_IND-RajaAmpat_Yenkoranu-scaled-1-768x432.jpg 768w, https:\/\/seastemic.com\/wp-content\/uploads\/2023\/08\/20160628_112118_IND-RajaAmpat_Yenkoranu-scaled-1-1536x864.jpg 1536w, https:\/\/seastemic.com\/wp-content\/uploads\/2023\/08\/20160628_112118_IND-RajaAmpat_Yenkoranu-scaled-1-2048x1152.jpg 2048w\" sizes=\"auto, (max-width: 1024px) 100vw, 1024px\" \/><\/figure>\n<\/figure>\n<\/div>\n<\/div>\n\n\n\n<div style=\"height:40px\" aria-hidden=\"true\" class=\"wp-block-spacer\"><\/div>\n<\/div><\/div>\n<\/div><\/div>\n\n\n\n<div class=\"wp-block-cover alignfull\"><span aria-hidden=\"true\" class=\"wp-block-cover__background has-background-dim-100 has-background-dim wp-block-cover__gradient-background has-background-gradient\" style=\"background:linear-gradient(180deg,rgba(7,146,227,0) 73%,rgb(254,254,254) 73%)\"><\/span><img loading=\"lazy\" decoding=\"async\" width=\"1313\" height=\"876\" class=\"wp-block-cover__image-background wp-image-1251\" alt=\"\" src=\"https:\/\/seastemic.com\/wp-content\/uploads\/2023\/06\/fdmarin-bleu.jpg\" style=\"object-position:1% 87%\" data-object-fit=\"cover\" data-object-position=\"1% 87%\" srcset=\"https:\/\/seastemic.com\/wp-content\/uploads\/2023\/06\/fdmarin-bleu.jpg 1313w, https:\/\/seastemic.com\/wp-content\/uploads\/2023\/06\/fdmarin-bleu-300x200.jpg 300w, https:\/\/seastemic.com\/wp-content\/uploads\/2023\/06\/fdmarin-bleu-1024x683.jpg 1024w, https:\/\/seastemic.com\/wp-content\/uploads\/2023\/06\/fdmarin-bleu-768x512.jpg 768w, https:\/\/seastemic.com\/wp-content\/uploads\/2023\/06\/fdmarin-bleu-930x620.jpg 930w\" sizes=\"auto, (max-width: 1313px) 100vw, 1313px\" \/><div class=\"wp-block-cover__inner-container is-layout-flow wp-block-cover-is-layout-flow\">\n<div class=\"wp-block-columns alignwide are-vertically-aligned-bottom is-layout-flex wp-container-core-columns-is-layout-4 wp-block-columns-is-layout-flex\">\n<div class=\"wp-block-column is-vertically-aligned-bottom ticss-3f4f30a7 has-background is-layout-flow wp-block-column-is-layout-flow\" style=\"background-color:#b2cfc700;flex-basis:50%\">\n<div class=\"wp-block-group ticss-1f7fe1de has-background is-vertical is-layout-flex wp-container-core-group-is-layout-3 wp-block-group-is-layout-flex\" style=\"background-color:#b2cec7\">\n<p class=\"has-nv-dark-bg-color has-text-color has-medium-font-size\" style=\"letter-spacing:2px;text-transform:uppercase\">Galerie<\/p>\n\n\n\n<h2 class=\"wp-block-heading has-nv-dark-bg-color has-text-color\" style=\"font-size:30px;text-transform:none\">Pour les amateurs de photos<\/h2>\n\n\n\n<p class=\"has-nv-dark-bg-color has-text-color\">Voyagez autour du monde, de la M\u00e9diterran\u00e9e jusqu\u2019en Polyn\u00e9sie gr\u00e2ce au photographe Eric Cros, fondateur de Seastemic, en qu\u00eate de beaut\u00e9 et de sauvegarde de la nature marine.<\/p>\n\n\n\n<p class=\"has-nv-dark-bg-color has-text-color\">Du corallig\u00e8ne de M\u00e9diterran\u00e9e aux fous masqu\u00e9s de Clipperton en passant par les dauphins de Rangiroa dans l\u2019archipel des Tuamotu en Polyn\u00e9sie Fran\u00e7aise, un voyage sur l\u2019eau et sous l\u2019eau.<\/p>\n\n\n\n<p class=\"has-nv-dark-bg-color has-text-color\">Une exposition photo afin d&rsquo;<strong>apprendre<\/strong>, <strong>s\u2019\u00e9merveiller<\/strong>, <strong>s\u2019indigner<\/strong> et faire cro\u00eetre l\u2019envie de d\u00e9fendre la beaut\u00e9 fragile de notre plan\u00e8te, notre Plan\u00e8te Mer(e).<\/p>\n<\/div>\n\n\n\n<div style=\"height:37px\" aria-hidden=\"true\" class=\"wp-block-spacer\"><\/div>\n\n\n\n<div class=\"wp-block-buttons is-layout-flex wp-block-buttons-is-layout-flex\">\n<div class=\"wp-block-button has-custom-width wp-block-button__width-100 is-style-primary\"><a class=\"wp-block-button__link wp-element-button\" href=\"https:\/\/seastemic.com\/index.php\/accueil\/photo-sous-marine\/\" target=\"_blank\" rel=\"noreferrer noopener\">S&rsquo;\u00e9merveiller<\/a><\/div>\n<\/div>\n\n\n\n<div style=\"height:37px\" aria-hidden=\"true\" class=\"wp-block-spacer\"><\/div>\n\n\n\n<figure class=\"wp-block-image size-large\"><img loading=\"lazy\" decoding=\"async\" width=\"1024\" height=\"563\" src=\"https:\/\/seastemic.com\/wp-content\/uploads\/2023\/06\/tortueblessee-min-1024x563.jpg\" alt=\"\" class=\"wp-image-919\" srcset=\"https:\/\/seastemic.com\/wp-content\/uploads\/2023\/06\/tortueblessee-min-1024x563.jpg 1024w, https:\/\/seastemic.com\/wp-content\/uploads\/2023\/06\/tortueblessee-min-300x165.jpg 300w, https:\/\/seastemic.com\/wp-content\/uploads\/2023\/06\/tortueblessee-min-768x422.jpg 768w, https:\/\/seastemic.com\/wp-content\/uploads\/2023\/06\/tortueblessee-min-1536x845.jpg 1536w, https:\/\/seastemic.com\/wp-content\/uploads\/2023\/06\/tortueblessee-min.jpg 2000w\" sizes=\"auto, (max-width: 1024px) 100vw, 1024px\" \/><\/figure>\n<\/div>\n<\/div>\n<\/div><\/div>\n\n\n\n<div class=\"wp-block-cover has-neve-text-color-color has-text-color has-link-color wp-elements-cc16f34987d30ef9e3eb39f8fe0237ce\" style=\"min-height:300px;aspect-ratio:unset;\"><span aria-hidden=\"true\" class=\"wp-block-cover__background has-nv-light-bg-background-color has-background-dim-80 has-background-dim\"><\/span><div class=\"wp-block-cover__inner-container is-layout-flow wp-block-cover-is-layout-flow\">\n<div style=\"height:2px\" aria-hidden=\"true\" id=\"Contact\" class=\"wp-block-spacer\"><\/div>\n\n\n\n<h2 class=\"wp-block-heading\">Contact Photographie<\/h2>\n\n\n\n<div id=\"wp-block-themeisle-blocks-form-58fa446d\" class=\"wp-block-themeisle-blocks-form\" data-option-name=\"bf9b28ff82ce323187abc5d0feb0d8f07ecd8436_58fa446d\"><form class=\"otter-form__container\">\n<div id=\"wp-block-themeisle-blocks-form-input-d9bbdda2\" class=\"wp-block-themeisle-blocks-form-input is-style-o-c-half\"><label for=\"wp-block-themeisle-blocks-form-input-d9bbdda2-input\" class=\"otter-form-input-label\"><span class=\"otter-form-input-label__label\">Nom<\/span><\/label><input type=\"text\" id=\"wp-block-themeisle-blocks-form-input-d9bbdda2-input\" class=\"otter-form-input\"\/><\/div>\n\n\n\n<div id=\"wp-block-themeisle-blocks-form-input-6f7f6440\" class=\"wp-block-themeisle-blocks-form-input is-style-o-c-half\"><label for=\"wp-block-themeisle-blocks-form-input-6f7f6440-input\" class=\"otter-form-input-label\"><span class=\"otter-form-input-label__label\">Pr\u00e9nom<\/span><\/label><input type=\"text\" id=\"wp-block-themeisle-blocks-form-input-6f7f6440-input\" class=\"otter-form-input\"\/><\/div>\n\n\n<div class=\"protection\" aria-hidden=\"true\"><input type=\"hidden\" id=\"wp-block-themeisle-blocks-form-58fa446d_nonce_field\" name=\"wp-block-themeisle-blocks-form-58fa446d_nonce_field\" value=\"020b4b694c\" \/><input type=\"hidden\" name=\"_wp_http_referer\" value=\"\/index.php\/wp-json\/wp\/v2\/pages\/1142\" \/><input class=\"o-anti-bot\" type=\"checkbox\"><\/div>\n\n\n<div id=\"wp-block-themeisle-blocks-form-input-ff9c08f8\" class=\"wp-block-themeisle-blocks-form-input is-style-o-c-half\"><label for=\"wp-block-themeisle-blocks-form-input-ff9c08f8-input\" class=\"otter-form-input-label\"><span class=\"otter-form-input-label__label\">Soci\u00e9t\u00e9<\/span><\/label><input type=\"text\" id=\"wp-block-themeisle-blocks-form-input-ff9c08f8-input\" class=\"otter-form-input\"\/><\/div>\n\n\n\n<div id=\"wp-block-themeisle-blocks-form-input-9e2f1079\" class=\"wp-block-themeisle-blocks-form-input is-style-o-c-half\"><label for=\"wp-block-themeisle-blocks-form-input-9e2f1079-input\" class=\"otter-form-input-label\"><span class=\"otter-form-input-label__label\">Email<\/span><span class=\"required\">*<\/span><\/label><input type=\"email\" id=\"wp-block-themeisle-blocks-form-input-9e2f1079-input\" required class=\"otter-form-input\"\/><\/div>\n\n\n\n<div id=\"wp-block-themeisle-blocks-form-input-f36f2f02\" class=\"wp-block-themeisle-blocks-form-input is-style-o-c-half\"><label for=\"wp-block-themeisle-blocks-form-input-f36f2f02-input\" class=\"otter-form-input-label\"><span class=\"otter-form-input-label__label\">T\u00e9l\u00e9phone<\/span><\/label><input type=\"text\" id=\"wp-block-themeisle-blocks-form-input-f36f2f02-input\" class=\"otter-form-input\"\/><\/div>\n\n\n\n<div id=\"wp-block-themeisle-blocks-form-input-4a93a673\" class=\"wp-block-themeisle-blocks-form-input is-style-o-c-half\"><label for=\"wp-block-themeisle-blocks-form-input-4a93a673-input\" class=\"otter-form-input-label\"><span class=\"otter-form-input-label__label\">Date souhait\u00e9e d&rsquo;intervention<\/span><\/label><input type=\"date\" id=\"wp-block-themeisle-blocks-form-input-4a93a673-input\" class=\"otter-form-input\"\/><\/div>\n\n\n<div class=\"is-style-o-c-half wp-block-themeisle-blocks-form-multiple-choice\" id=\"wp-block-themeisle-blocks-form-input-45a365df\"><label class=\"otter-form-input-label\" >Quelle prestation vous int\u00e9resse ?<\/label><div class=\"o-form-choices\"><\/div><span class=\"o-form-help\"><\/span><\/div>\n\n\n<div id=\"wp-block-themeisle-blocks-form-textarea-d0aad8e8\" class=\"wp-block-themeisle-blocks-form-textarea\"><label for=\"wp-block-themeisle-blocks-form-textarea-d0aad8e8-input\" class=\"otter-form-textarea-label\"><span class=\"otter-form-textarea-label__label\">Parlez-nous de votre projet<\/span><\/label><textarea id=\"wp-block-themeisle-blocks-form-textarea-d0aad8e8-input\" rows=\"10\" class=\"otter-form-textarea-input\"><\/textarea><\/div>\n\n\n\n<p class=\"has-extra-small-font-size\"><em>Chez Seastemic les donn\u00e9es transmises sont utilis\u00e9es dans le but unique de vous re-contacter et\/ou dans le cadre de la demande que vous nous faites. Ces donn\u00e9es sont utilis\u00e9es par Seastemic,&nbsp; responsable du traitement des donn\u00e9es, et ne seront jamais c\u00e9d\u00e9es \u00e0 un tiers&nbsp;ni utilis\u00e9es \u00e0 d\u2019autres fins que celles d\u00e9taill\u00e9es ci-dessus.<\/em><\/p>\n<div class=\"wp-block-button full\"><button class=\"wp-block-button__link\" type=\"submit\">Envoyer<\/button><\/div><\/form><\/div>\n\n\n\n<div style=\"height:10px\" aria-hidden=\"true\" class=\"wp-block-spacer\"><\/div>\n<\/div><\/div>\n","protected":false},"excerpt":{"rendered":"<p>INSPIRER PAR l&rsquo;IMAGE<\/p>\n","protected":false},"author":1,"featured_media":0,"parent":1148,"menu_order":0,"comment_status":"closed","ping_status":"closed","template":"","meta":{"neve_meta_sidebar":"","neve_meta_container":"","neve_meta_enable_content_width":"","neve_meta_content_width":0,"neve_meta_title_alignment":"","neve_meta_author_avatar":"","neve_post_elements_order":"","neve_meta_disable_header":"","neve_meta_disable_footer":"","neve_meta_disable_title":"on","_themeisle_gutenberg_block_has_review":false,"footnotes":""},"class_list":["post-1142","page","type-page","status-publish","hentry"],"yoast_head":"<!-- This site is optimized with the Yoast SEO plugin v24.4 - https:\/\/yoast.com\/wordpress\/plugins\/seo\/ -->\n<title>Photographie - Seastemic<\/title>\n<meta name=\"description\" content=\"Photographie pour sensibiliser aux enjeux environnementaux. Donner \u00e0 voir. T\u00e9moigner. Toucher les \u00e9motions et donner envie d&#039;agir.\" \/>\n<meta name=\"robots\" content=\"index, follow, max-snippet:-1, max-image-preview:large, max-video-preview:-1\" \/>\n<link rel=\"canonical\" href=\"https:\/\/seastemic.com\/index.php\/inspirer-2\/les-expositions-photo\/\" \/>\n<meta property=\"og:locale\" content=\"fr_FR\" \/>\n<meta property=\"og:type\" content=\"article\" \/>\n<meta property=\"og:title\" content=\"Photographie - Seastemic\" \/>\n<meta property=\"og:description\" content=\"Photographie pour sensibiliser aux enjeux environnementaux. Donner \u00e0 voir. T\u00e9moigner. Toucher les \u00e9motions et donner envie d&#039;agir.\" \/>\n<meta property=\"og:url\" content=\"https:\/\/seastemic.com\/index.php\/inspirer-2\/les-expositions-photo\/\" \/>\n<meta property=\"og:site_name\" content=\"Seastemic\" \/>\n<meta property=\"article:modified_time\" content=\"2025-02-13T08:10:01+00:00\" \/>\n<meta property=\"og:image\" content=\"https:\/\/seastemic.com\/wp-content\/uploads\/2023\/08\/20211027_151931_FR-Toulouse-ExpositionBazacle-1024x1024.jpg\" \/>\n<meta name=\"twitter:card\" content=\"summary_large_image\" \/>\n<meta name=\"twitter:label1\" content=\"Dur\u00e9e de lecture estim\u00e9e\" \/>\n\t<meta name=\"twitter:data1\" content=\"5 minutes\" \/>\n<script type=\"application\/ld+json\" class=\"yoast-schema-graph\">{\"@context\":\"https:\/\/schema.org\",\"@graph\":[{\"@type\":\"WebPage\",\"@id\":\"https:\/\/seastemic.com\/index.php\/inspirer-2\/les-expositions-photo\/\",\"url\":\"https:\/\/seastemic.com\/index.php\/inspirer-2\/les-expositions-photo\/\",\"name\":\"Photographie - Seastemic\",\"isPartOf\":{\"@id\":\"https:\/\/seastemic.com\/#website\"},\"primaryImageOfPage\":{\"@id\":\"https:\/\/seastemic.com\/index.php\/inspirer-2\/les-expositions-photo\/#primaryimage\"},\"image\":{\"@id\":\"https:\/\/seastemic.com\/index.php\/inspirer-2\/les-expositions-photo\/#primaryimage\"},\"thumbnailUrl\":\"https:\/\/seastemic.com\/wp-content\/uploads\/2023\/08\/20211027_151931_FR-Toulouse-ExpositionBazacle-1024x1024.jpg\",\"datePublished\":\"2023-06-22T12:59:41+00:00\",\"dateModified\":\"2025-02-13T08:10:01+00:00\",\"description\":\"Photographie pour sensibiliser aux enjeux environnementaux. Donner \u00e0 voir. T\u00e9moigner. Toucher les \u00e9motions et donner envie d'agir.\",\"breadcrumb\":{\"@id\":\"https:\/\/seastemic.com\/index.php\/inspirer-2\/les-expositions-photo\/#breadcrumb\"},\"inLanguage\":\"fr-FR\",\"potentialAction\":[{\"@type\":\"ReadAction\",\"target\":[\"https:\/\/seastemic.com\/index.php\/inspirer-2\/les-expositions-photo\/\"]}]},{\"@type\":\"ImageObject\",\"inLanguage\":\"fr-FR\",\"@id\":\"https:\/\/seastemic.com\/index.php\/inspirer-2\/les-expositions-photo\/#primaryimage\",\"url\":\"https:\/\/seastemic.com\/wp-content\/uploads\/2023\/08\/20211027_151931_FR-Toulouse-ExpositionBazacle.jpg\",\"contentUrl\":\"https:\/\/seastemic.com\/wp-content\/uploads\/2023\/08\/20211027_151931_FR-Toulouse-ExpositionBazacle.jpg\",\"width\":2369,\"height\":2369},{\"@type\":\"BreadcrumbList\",\"@id\":\"https:\/\/seastemic.com\/index.php\/inspirer-2\/les-expositions-photo\/#breadcrumb\",\"itemListElement\":[{\"@type\":\"ListItem\",\"position\":1,\"name\":\"Accueil\",\"item\":\"https:\/\/seastemic.com\/\"},{\"@type\":\"ListItem\",\"position\":2,\"name\":\"INSPIRER\",\"item\":\"https:\/\/seastemic.com\/index.php\/inspirer-2\/\"},{\"@type\":\"ListItem\",\"position\":3,\"name\":\"Photographie\"}]},{\"@type\":\"WebSite\",\"@id\":\"https:\/\/seastemic.com\/#website\",\"url\":\"https:\/\/seastemic.com\/\",\"name\":\"Seastemic\",\"description\":\"Inspirer, Former, Transformer\",\"publisher\":{\"@id\":\"https:\/\/seastemic.com\/#organization\"},\"potentialAction\":[{\"@type\":\"SearchAction\",\"target\":{\"@type\":\"EntryPoint\",\"urlTemplate\":\"https:\/\/seastemic.com\/?s={search_term_string}\"},\"query-input\":{\"@type\":\"PropertyValueSpecification\",\"valueRequired\":true,\"valueName\":\"search_term_string\"}}],\"inLanguage\":\"fr-FR\"},{\"@type\":\"Organization\",\"@id\":\"https:\/\/seastemic.com\/#organization\",\"name\":\"Seastemic\",\"url\":\"https:\/\/seastemic.com\/\",\"logo\":{\"@type\":\"ImageObject\",\"inLanguage\":\"fr-FR\",\"@id\":\"https:\/\/seastemic.com\/#\/schema\/logo\/image\/\",\"url\":\"https:\/\/seastemic.com\/wp-content\/uploads\/2023\/06\/cropped-cropped-icone_seastemic.png\",\"contentUrl\":\"https:\/\/seastemic.com\/wp-content\/uploads\/2023\/06\/cropped-cropped-icone_seastemic.png\",\"width\":\"512\",\"height\":\"512\",\"caption\":\"Seastemic\"},\"image\":{\"@id\":\"https:\/\/seastemic.com\/#\/schema\/logo\/image\/\"},\"sameAs\":[\"https:\/\/www.linkedin.com\/company\/seastemic31\"]}]}<\/script>\n<!-- \/ Yoast SEO plugin. -->","yoast_head_json":{"title":"Photographie - Seastemic","description":"Photographie pour sensibiliser aux enjeux environnementaux. Donner \u00e0 voir. T\u00e9moigner. Toucher les \u00e9motions et donner envie d'agir.","robots":{"index":"index","follow":"follow","max-snippet":"max-snippet:-1","max-image-preview":"max-image-preview:large","max-video-preview":"max-video-preview:-1"},"canonical":"https:\/\/seastemic.com\/index.php\/inspirer-2\/les-expositions-photo\/","og_locale":"fr_FR","og_type":"article","og_title":"Photographie - Seastemic","og_description":"Photographie pour sensibiliser aux enjeux environnementaux. Donner \u00e0 voir. T\u00e9moigner. Toucher les \u00e9motions et donner envie d'agir.","og_url":"https:\/\/seastemic.com\/index.php\/inspirer-2\/les-expositions-photo\/","og_site_name":"Seastemic","article_modified_time":"2025-02-13T08:10:01+00:00","og_image":[{"url":"https:\/\/seastemic.com\/wp-content\/uploads\/2023\/08\/20211027_151931_FR-Toulouse-ExpositionBazacle-1024x1024.jpg","type":"","width":"","height":""}],"twitter_card":"summary_large_image","twitter_misc":{"Dur\u00e9e de lecture estim\u00e9e":"5 minutes"},"schema":{"@context":"https:\/\/schema.org","@graph":[{"@type":"WebPage","@id":"https:\/\/seastemic.com\/index.php\/inspirer-2\/les-expositions-photo\/","url":"https:\/\/seastemic.com\/index.php\/inspirer-2\/les-expositions-photo\/","name":"Photographie - Seastemic","isPartOf":{"@id":"https:\/\/seastemic.com\/#website"},"primaryImageOfPage":{"@id":"https:\/\/seastemic.com\/index.php\/inspirer-2\/les-expositions-photo\/#primaryimage"},"image":{"@id":"https:\/\/seastemic.com\/index.php\/inspirer-2\/les-expositions-photo\/#primaryimage"},"thumbnailUrl":"https:\/\/seastemic.com\/wp-content\/uploads\/2023\/08\/20211027_151931_FR-Toulouse-ExpositionBazacle-1024x1024.jpg","datePublished":"2023-06-22T12:59:41+00:00","dateModified":"2025-02-13T08:10:01+00:00","description":"Photographie pour sensibiliser aux enjeux environnementaux. Donner \u00e0 voir. T\u00e9moigner. Toucher les \u00e9motions et donner envie d'agir.","breadcrumb":{"@id":"https:\/\/seastemic.com\/index.php\/inspirer-2\/les-expositions-photo\/#breadcrumb"},"inLanguage":"fr-FR","potentialAction":[{"@type":"ReadAction","target":["https:\/\/seastemic.com\/index.php\/inspirer-2\/les-expositions-photo\/"]}]},{"@type":"ImageObject","inLanguage":"fr-FR","@id":"https:\/\/seastemic.com\/index.php\/inspirer-2\/les-expositions-photo\/#primaryimage","url":"https:\/\/seastemic.com\/wp-content\/uploads\/2023\/08\/20211027_151931_FR-Toulouse-ExpositionBazacle.jpg","contentUrl":"https:\/\/seastemic.com\/wp-content\/uploads\/2023\/08\/20211027_151931_FR-Toulouse-ExpositionBazacle.jpg","width":2369,"height":2369},{"@type":"BreadcrumbList","@id":"https:\/\/seastemic.com\/index.php\/inspirer-2\/les-expositions-photo\/#breadcrumb","itemListElement":[{"@type":"ListItem","position":1,"name":"Accueil","item":"https:\/\/seastemic.com\/"},{"@type":"ListItem","position":2,"name":"INSPIRER","item":"https:\/\/seastemic.com\/index.php\/inspirer-2\/"},{"@type":"ListItem","position":3,"name":"Photographie"}]},{"@type":"WebSite","@id":"https:\/\/seastemic.com\/#website","url":"https:\/\/seastemic.com\/","name":"Seastemic","description":"Inspirer, Former, Transformer","publisher":{"@id":"https:\/\/seastemic.com\/#organization"},"potentialAction":[{"@type":"SearchAction","target":{"@type":"EntryPoint","urlTemplate":"https:\/\/seastemic.com\/?s={search_term_string}"},"query-input":{"@type":"PropertyValueSpecification","valueRequired":true,"valueName":"search_term_string"}}],"inLanguage":"fr-FR"},{"@type":"Organization","@id":"https:\/\/seastemic.com\/#organization","name":"Seastemic","url":"https:\/\/seastemic.com\/","logo":{"@type":"ImageObject","inLanguage":"fr-FR","@id":"https:\/\/seastemic.com\/#\/schema\/logo\/image\/","url":"https:\/\/seastemic.com\/wp-content\/uploads\/2023\/06\/cropped-cropped-icone_seastemic.png","contentUrl":"https:\/\/seastemic.com\/wp-content\/uploads\/2023\/06\/cropped-cropped-icone_seastemic.png","width":"512","height":"512","caption":"Seastemic"},"image":{"@id":"https:\/\/seastemic.com\/#\/schema\/logo\/image\/"},"sameAs":["https:\/\/www.linkedin.com\/company\/seastemic31"]}]}},"_links":{"self":[{"href":"https:\/\/seastemic.com\/index.php\/wp-json\/wp\/v2\/pages\/1142","targetHints":{"allow":["GET"]}}],"collection":[{"href":"https:\/\/seastemic.com\/index.php\/wp-json\/wp\/v2\/pages"}],"about":[{"href":"https:\/\/seastemic.com\/index.php\/wp-json\/wp\/v2\/types\/page"}],"author":[{"embeddable":true,"href":"https:\/\/seastemic.com\/index.php\/wp-json\/wp\/v2\/users\/1"}],"replies":[{"embeddable":true,"href":"https:\/\/seastemic.com\/index.php\/wp-json\/wp\/v2\/comments?post=1142"}],"version-history":[{"count":8,"href":"https:\/\/seastemic.com\/index.php\/wp-json\/wp\/v2\/pages\/1142\/revisions"}],"predecessor-version":[{"id":3152,"href":"https:\/\/seastemic.com\/index.php\/wp-json\/wp\/v2\/pages\/1142\/revisions\/3152"}],"up":[{"embeddable":true,"href":"https:\/\/seastemic.com\/index.php\/wp-json\/wp\/v2\/pages\/1148"}],"wp:attachment":[{"href":"https:\/\/seastemic.com\/index.php\/wp-json\/wp\/v2\/media?parent=1142"}],"curies":[{"name":"wp","href":"https:\/\/api.w.org\/{rel}","templated":true}]}}